{"version":"1.0","provider_name":"EUCRTA","provider_url":"https:\/\/eucrta.eu\/fr\/","title":"Offre d'emploi: Responsable Plaidoyer - EUCRTA","type":"rich","width":600,"height":338,"html":"<blockquote class=\"wp-embedded-content\" data-secret=\"o51IV7kHlH\"><a href=\"https:\/\/eucrta.eu\/fr\/impliquez-vous\/offre-demploi-responsable-plaidoyer\/\">Offre d&#8217;emploi: Responsable Plaidoyer<\/a><\/blockquote><iframe sandbox=\"allow-scripts\" security=\"restricted\" src=\"https:\/\/eucrta.eu\/fr\/impliquez-vous\/offre-demploi-responsable-plaidoyer\/embed\/#?secret=o51IV7kHlH\" width=\"600\" height=\"338\" title=\"\u00ab\u00a0Offre d&#8217;emploi: Responsable Plaidoyer\u00a0\u00bb &#8212; EUCRTA\" data-secret=\"o51IV7kHlH\" frameborder=\"0\" marginwidth=\"0\" marginheight=\"0\" scrolling=\"no\" class=\"wp-embedded-content\"><\/iframe><script type=\"text\/javascript\">\n\/* <![CDATA[ *\/\n\/*! This file is auto-generated *\/\n!function(d,l){\"use strict\";l.querySelector&&d.addEventListener&&\"undefined\"!=typeof URL&&(d.wp=d.wp||{},d.wp.receiveEmbedMessage||(d.wp.receiveEmbedMessage=function(e){var t=e.data;if((t||t.secret||t.message||t.value)&&!\/[^a-zA-Z0-9]\/.test(t.secret)){for(var s,r,n,a=l.querySelectorAll('iframe[data-secret=\"'+t.secret+'\"]'),o=l.querySelectorAll('blockquote[data-secret=\"'+t.secret+'\"]'),c=new RegExp(\"^https?:$\",\"i\"),i=0;i<o.length;i++)o[i].style.display=\"none\";for(i=0;i<a.length;i++)s=a[i],e.source===s.contentWindow&&(s.removeAttribute(\"style\"),\"height\"===t.message?(1e3<(r=parseInt(t.value,10))?r=1e3:~~r<200&&(r=200),s.height=r):\"link\"===t.message&&(r=new URL(s.getAttribute(\"src\")),n=new URL(t.value),c.test(n.protocol))&&n.host===r.host&&l.activeElement===s&&(d.top.location.href=t.value))}},d.addEventListener(\"message\",d.wp.receiveEmbedMessage,!1),l.addEventListener(\"DOMContentLoaded\",function(){for(var e,t,s=l.querySelectorAll(\"iframe.wp-embedded-content\"),r=0;r<s.length;r++)(t=(e=s[r]).getAttribute(\"data-secret\"))||(t=Math.random().toString(36).substring(2,12),e.src+=\"#?secret=\"+t,e.setAttribute(\"data-secret\",t)),e.contentWindow.postMessage({message:\"ready\",secret:t},\"*\")},!1)))}(window,document);\n\/\/# sourceURL=https:\/\/eucrta.eu\/wp-includes\/js\/wp-embed.min.js\n\/* ]]> *\/\n<\/script>\n","thumbnail_url":"https:\/\/eucrta.eu\/wp-content\/uploads\/2025\/02\/DALL\u00b7E-2025-02-16-20.27.41-A-professional-and-modern-graphic-illustration-representing-career-opportunities.-The-image-features-abstract-yet-recognizable-symbols-of-recruitment_.webp","thumbnail_width":1792,"thumbnail_height":1024,"description":"Responsable Plaidoyer \ud83d\udccd Lieu : Bruxelles, Belgique \ud83d\udcd1 Type de contrat : Contrat de consultance avec possibilit\u00e9 de titularisation Principales responsabilit\u00e9s \ud83d\udd39 D\u00e9velopper et mettre en \u0153uvre la strat\u00e9gie de plaidoyer d\u2019EUCRTA \u2013 Concevoir des initiatives cibl\u00e9es pour renforcer la gouvernance d\u00e9mocratique, la transparence et l\u2019int\u00e9gration des Balkans occidentaux dans l\u2019UE. \ud83d\udd39 \u00c9tablir et entretenir [&hellip;]"}